{"id":56,"date":"2026-03-04T10:00:12","date_gmt":"2026-03-04T13:00:12","guid":{"rendered":"https:\/\/www.sincor-pr.org.br\/calendario\/?post_type=tribe_events&#038;p=56"},"modified":"2026-03-04T10:00:12","modified_gmt":"2026-03-04T13:00:12","slug":"palestra-o-impacto-do-autocuidado-na-longevidade-pessoal-e-profissional","status":"publish","type":"tribe_events","link":"https:\/\/www.sincor-pr.org.br\/calendario\/index.php\/event\/palestra-o-impacto-do-autocuidado-na-longevidade-pessoal-e-profissional\/","title":{"rendered":"Palestra: O impacto do autocuidado na longevidade pessoal e profissional"},"content":{"rendered":"<h3 data-testid=\"event-description-section\">Descri\u00e7\u00e3o do evento<\/h3>\n<p><strong>PROGRAMA\u00c7\u00c3O<\/strong><\/p>\n<p><strong>08h30 \u2013 Recep\u00e7\u00e3o:<\/strong><\/p>\n<ul>\n<li>Acolhimento das participantes<\/li>\n<li>Caf\u00e9 de boas-vindas<\/li>\n<li>Momento de networking inicial<\/li>\n<\/ul>\n<p><strong>09h00 \u2013 Abertura Oficial:<\/strong><\/p>\n<ul>\n<li>Boas-vindas da Coordenadoria da Mulher \u2013 SINCOR\/PR<\/li>\n<li>Apresenta\u00e7\u00e3o do Movimento<strong>Mulheres em A\u00e7\u00e3o<\/strong><\/li>\n<li>Contextualiza\u00e7\u00e3o da import\u00e2ncia do autocuidado feminino na vida pessoal e\u00a0profissional<\/li>\n<\/ul>\n<p><strong>09h15 \u2013 Palestra<\/strong><\/p>\n<p><strong>Tema:\u00a0<\/strong><em>O impacto do autocuidado na longevidade pessoal e profissional<\/em><\/p>\n<ul>\n<li>Menopausa e seus impactos na vida da mulher<\/li>\n<li>Reposi\u00e7\u00e3o hormonal: mitos, verdades e benef\u00edcios<\/li>\n<li>Estresse, sa\u00fade emocional e desempenho profissional<\/li>\n<\/ul>\n<p>Este ser\u00e1 um momento de\u00a0<strong>conhecimento, troca de experi\u00eancias e conex\u00e3o<\/strong>, refor\u00e7ando\u00a0o compromisso do SINCOR-PR, por meio do \u201c<strong>Mulheres em A\u00e7\u00e3o\u201d<\/strong>, com o\u00a0desenvolvimento integral da mulher.<\/p>\n<p><strong>Palestrante:\u00a0<\/strong>Dra. Flavia Moura de Pauli &#8211; M\u00e9dica Ginecologista e Obstetra e especialista em sa\u00fade da mulher.<\/p>\n<p>Esperamos por voc\u00ea para um encontro que une\u00a0<strong>cuidado, informa\u00e7\u00e3o e prop\u00f3sito<\/strong>.<\/p>\n<p><strong>Coordenadoria da Mulher \u2013 SINCOR-PR<\/strong><\/p>\n","protected":false},"excerpt":{"rendered":"<p>Descri\u00e7\u00e3o do evento PROGRAMA\u00c7\u00c3O 08h30 \u2013 Recep\u00e7\u00e3o: Acolhimento das participantes Caf\u00e9 de boas-vindas Momento de networking inicial 09h00 \u2013 Abertura Oficial: Boas-vindas da Coordenadoria da Mulher \u2013 SINCOR\/PR Apresenta\u00e7\u00e3o do [&hellip;]<\/p>\n","protected":false},"author":1,"featured_media":0,"template":"","meta":{"_tribe_events_status":"","_tribe_events_status_reason":"","footnotes":""},"tags":[],"tribe_events_cat":[],"class_list":["post-56","tribe_events","type-tribe_events","status-publish","hentry"],"_links":{"self":[{"href":"https:\/\/www.sincor-pr.org.br\/calendario\/index.php\/wp-json\/wp\/v2\/tribe_events\/56","targetHints":{"allow":["GET"]}}],"collection":[{"href":"https:\/\/www.sincor-pr.org.br\/calendario\/index.php\/wp-json\/wp\/v2\/tribe_events"}],"about":[{"href":"https:\/\/www.sincor-pr.org.br\/calendario\/index.php\/wp-json\/wp\/v2\/types\/tribe_events"}],"author":[{"embeddable":true,"href":"https:\/\/www.sincor-pr.org.br\/calendario\/index.php\/wp-json\/wp\/v2\/users\/1"}],"version-history":[{"count":1,"href":"https:\/\/www.sincor-pr.org.br\/calendario\/index.php\/wp-json\/wp\/v2\/tribe_events\/56\/revisions"}],"predecessor-version":[{"id":59,"href":"https:\/\/www.sincor-pr.org.br\/calendario\/index.php\/wp-json\/wp\/v2\/tribe_events\/56\/revisions\/59"}],"wp:attachment":[{"href":"https:\/\/www.sincor-pr.org.br\/calendario\/index.php\/wp-json\/wp\/v2\/media?parent=56"}],"wp:term":[{"taxonomy":"post_tag","embeddable":true,"href":"https:\/\/www.sincor-pr.org.br\/calendario\/index.php\/wp-json\/wp\/v2\/tags?post=56"},{"taxonomy":"tribe_events_cat","embeddable":true,"href":"https:\/\/www.sincor-pr.org.br\/calendario\/index.php\/wp-json\/wp\/v2\/tribe_events_cat?post=56"}],"curies":[{"name":"wp","href":"https:\/\/api.w.org\/{rel}","templated":true}]}}